{"id":235,"date":"2025-11-04T10:44:47","date_gmt":"2025-11-04T16:44:47","guid":{"rendered":"https:\/\/barriosorquestadoshn.org\/?page_id=235"},"modified":"2025-11-12T08:23:54","modified_gmt":"2025-11-12T14:23:54","slug":"inicio","status":"publish","type":"page","link":"https:\/\/barriosorquestadoshn.org\/","title":{"rendered":"INICIO"},"content":{"rendered":"\t\t<div data-elementor-type=\"wp-page\" data-elementor-id=\"235\" class=\"elementor elementor-235\" data-elementor-post-type=\"page\">\n\t\t\t\t<div class=\"elementor-element elementor-element-793fda2c e-flex e-con-boxed e-con e-parent\" data-id=\"793fda2c\" data-element_type=\"container\" data-e-type=\"container\" data-settings=\"{&quot;background_background&quot;:&quot;gradient&quot;}\">\n\t\t\t\t\t<div class=\"e-con-inner\">\n\t\t<div class=\"elementor-element elementor-element-40c7142d e-flex e-con-boxed e-con e-child\" data-id=\"40c7142d\" data-element_type=\"container\" data-e-type=\"container\">\n\t\t\t\t\t<div class=\"e-con-inner\">\n\t\t\t\t<div class=\"elementor-element elementor-element-4adab2a4 elementor-widget elementor-widget-heading\" data-id=\"4adab2a4\" data-element_type=\"widget\" data-e-type=\"widget\" data-widget_type=\"heading.default\">\n\t\t\t\t\t<h3 class=\"elementor-heading-title elementor-size-default\"><b>Asociaci\u00f3n Socio Cultural Barrios Orquestados Honduras- ASBOH<\/b><\/h3>\t\t\t\t<\/div>\n\t\t\t\t<div class=\"elementor-element elementor-element-4b40d6af elementor-widget elementor-widget-heading\" data-id=\"4b40d6af\" data-element_type=\"widget\" data-e-type=\"widget\" data-widget_type=\"heading.default\">\n\t\t\t\t\t<h1 class=\"elementor-heading-title elementor-size-default\">BARRIOS ORQUESTADOS HONDURAS<\/h1>\t\t\t\t<\/div>\n\t\t\t\t<div class=\"elementor-element elementor-element-6be37b39 elementor-widget elementor-widget-text-editor\" data-id=\"6be37b39\" data-element_type=\"widget\" data-e-type=\"widget\" data-widget_type=\"text-editor.default\">\n\t\t\t\t\t\t\t\t\t<p>Proyecto que forma orquestas infantiles y coros con educandos y padres de familia en contexto de riesgo social.<\/p>\t\t\t\t\t\t\t\t<\/div>\n\t\t\t\t\t<\/div>\n\t\t\t\t<\/div>\n\t\t\t\t\t<\/div>\n\t\t\t\t<\/div>\n\t\t<div class=\"elementor-element elementor-element-9b22bc0 e-flex e-con-boxed e-con e-parent\" data-id=\"9b22bc0\" data-element_type=\"container\" data-e-type=\"container\" data-settings=\"{&quot;motion_fx_motion_fx_scrolling&quot;:&quot;yes&quot;,&quot;motion_fx_translateY_effect&quot;:&quot;yes&quot;,&quot;motion_fx_translateY_speed&quot;:{&quot;unit&quot;:&quot;px&quot;,&quot;size&quot;:4,&quot;sizes&quot;:[]},&quot;motion_fx_translateY_affectedRange&quot;:{&quot;unit&quot;:&quot;%&quot;,&quot;size&quot;:&quot;&quot;,&quot;sizes&quot;:{&quot;start&quot;:0,&quot;end&quot;:100}},&quot;motion_fx_devices&quot;:[&quot;desktop&quot;,&quot;tablet&quot;,&quot;mobile&quot;]}\">\n\t\t\t\t\t<div class=\"e-con-inner\">\n\t\t\t\t\t<\/div>\n\t\t\t\t<\/div>\n\t\t<div class=\"elementor-element elementor-element-7e3dfa92 e-flex e-con-boxed e-con e-parent\" data-id=\"7e3dfa92\" data-element_type=\"container\" data-e-type=\"container\" id=\"about\">\n\t\t\t\t\t<div class=\"e-con-inner\">\n\t\t<div class=\"elementor-element elementor-element-7291bfb e-flex e-con-boxed e-con e-child\" data-id=\"7291bfb\" data-element_type=\"container\" data-e-type=\"container\" data-settings=\"{&quot;motion_fx_motion_fx_scrolling&quot;:&quot;yes&quot;,&quot;motion_fx_translateY_effect&quot;:&quot;yes&quot;,&quot;motion_fx_translateY_speed&quot;:{&quot;unit&quot;:&quot;px&quot;,&quot;size&quot;:4,&quot;sizes&quot;:[]},&quot;motion_fx_translateY_affectedRange&quot;:{&quot;unit&quot;:&quot;%&quot;,&quot;size&quot;:&quot;&quot;,&quot;sizes&quot;:{&quot;start&quot;:0,&quot;end&quot;:100}},&quot;motion_fx_devices&quot;:[&quot;desktop&quot;,&quot;tablet&quot;,&quot;mobile&quot;]}\">\n\t\t\t\t\t<div class=\"e-con-inner\">\n\t\t\t\t<div class=\"elementor-element elementor-element-16eff7ca elementor-widget elementor-widget-heading\" data-id=\"16eff7ca\" data-element_type=\"widget\" data-e-type=\"widget\" data-settings=\"{&quot;motion_fx_motion_fx_scrolling&quot;:&quot;yes&quot;,&quot;motion_fx_translateY_effect&quot;:&quot;yes&quot;,&quot;motion_fx_translateY_speed&quot;:{&quot;unit&quot;:&quot;px&quot;,&quot;size&quot;:&quot;0.5&quot;,&quot;sizes&quot;:[]},&quot;motion_fx_translateY_affectedRange&quot;:{&quot;unit&quot;:&quot;%&quot;,&quot;size&quot;:&quot;&quot;,&quot;sizes&quot;:{&quot;start&quot;:&quot;0&quot;,&quot;end&quot;:&quot;50&quot;}},&quot;motion_fx_opacity_effect&quot;:&quot;yes&quot;,&quot;motion_fx_opacity_range&quot;:{&quot;unit&quot;:&quot;%&quot;,&quot;size&quot;:&quot;&quot;,&quot;sizes&quot;:{&quot;start&quot;:&quot;0&quot;,&quot;end&quot;:&quot;50&quot;}},&quot;motion_fx_devices&quot;:[&quot;desktop&quot;,&quot;mobile&quot;],&quot;motion_fx_opacity_direction&quot;:&quot;out-in&quot;,&quot;motion_fx_opacity_level&quot;:{&quot;unit&quot;:&quot;px&quot;,&quot;size&quot;:10,&quot;sizes&quot;:[]}}\" data-widget_type=\"heading.default\">\n\t\t\t\t\t<h2 class=\"elementor-heading-title elementor-size-default\">Nuestra Historia<\/h2>\t\t\t\t<\/div>\n\t\t\t\t<div class=\"elementor-element elementor-element-4e0c2bc4 elementor-widget elementor-widget-text-editor\" data-id=\"4e0c2bc4\" data-element_type=\"widget\" data-e-type=\"widget\" data-widget_type=\"text-editor.default\">\n\t\t\t\t\t\t\t\t\t<p><b>Una Orquesta para el Cambio en Nueva Capital<\/b><\/p><p>En 2018, el proyecto Barrios Orquestados, una iniciativa social y musical de las Islas Canarias (Espa\u00f1a), lleg\u00f3 a Honduras. Su objetivo es proporcionar <b>educaci\u00f3n musical gratuita<\/b> en instrumentos de cuerda frotada (violines, violas, chelos y contrabajos) a ni\u00f1os y j\u00f3venes en situaci\u00f3n de vulnerabilidad. La fundaci\u00f3n se concret\u00f3 ese a\u00f1o en la Colonia Nueva Capital, con la llegada de su fundador, <b>Jos\u00e9 Manuel Brito<\/b>, y un equipo de seis profesores espa\u00f1oles, quienes han mantenido la actividad del proyecto hasta la actualidad.<\/p><h3><span style=\"color: #4632da;\"><b>Puntos Clave desde 2018:<\/b><\/span><\/h3><h3><b style=\"background-color: transparent; font-size: 16px;\">Inicios (2018):<\/b><span style=\"background-color: transparent; font-size: 16px;\"> El proyecto aterriz\u00f3 por primera vez en Honduras, espec\u00edficamente en <\/span><b style=\"background-color: transparent; font-size: 16px;\">Tegucigalpa<\/b><span style=\"background-color: transparent; font-size: 16px;\">, a invitaci\u00f3n de ACOES y el grupo Canarias con Honduras.<\/span><\/h3><p>&#8211; Un equipo de docentes se desplaz\u00f3 para implantar la metodolog\u00eda musical en las escuelas de ACOES.<\/p><p>&#8211; La recaudaci\u00f3n de conciertos ben\u00e9ficos previos en Canarias (como \u00abVerdi Esperanza\u00bb en 2017 y \u00abMacondo\u00bb) hizo posible la compra de la remesa inicial de instrumentos y el traslado de los profesores.<\/p><p>&#8211; Trabajaron intensivamente con alrededor de <b>80 alumnos<\/b> en la rama instrumental, <b>120<\/b> en formaci\u00f3n coral (\u00abBarrios Encantados\u00bb), y tambi\u00e9n con familiares en sensibilizaci\u00f3n musical.<\/p><p>&#8211; El per\u00edodo formativo culmin\u00f3 con emotivos conciertos de los j\u00f3venes m\u00fasicos ante su comunidad.<\/p><p><b>Consolidaci\u00f3n y Continuidad (2019):<\/b> Un equipo de profesionales regres\u00f3 a Honduras para dar seguimiento al proyecto, que busca ser una \u00abv\u00eda de transformaci\u00f3n silenciosa pero permanente\u00bb.<\/p><p>&#8211; En este a\u00f1o, por ejemplo, se celebr\u00f3 un concierto en el <b>Teatro Nacional Manuel Bonilla de Tegucigalpa<\/b> con \u00e9xito de asistencia.<\/p><p><b>Impacto de la Pandemia (2020):<\/b> Al igual que muchos programas, las actividades presenciales de cooperaci\u00f3n se vieron afectadas por la COVID-19. Sin embargo, el proyecto ha mantenido su presencia en el pa\u00eds a trav\u00e9s del apoyo al equipo local.<\/p><p><b>Proyectos Recientes y Alcance (Hasta 2024):<\/b> El proyecto ha continuado con la cooperaci\u00f3n internacional (exceptuando la pausa por la pandemia) y se ha mantenido activo:<\/p><p>&#8211; Barrios Orquestados ha impulsado el desarrollo de <b>dos orquestas infantiles activas<\/b> en la periferia de Tegucigalpa, en un asentamiento humano que surgi\u00f3 tras el hurac\u00e1n Mitch, con un contexto de inseguridad y violencia.<\/p><p>&#8211; Se han realizado <b>viajes de cooperaci\u00f3n<\/b> (se menciona un cuarto viaje en 2024) con delegaciones de m\u00fasicos cooperantes para dar apoyo al equipo local y ofrecer formaci\u00f3n intensiva, culminando con conciertos como \u00abSembrando puentes\u00bb con la participaci\u00f3n de alrededor de <b>220 ni\u00f1os y ni\u00f1as<\/b>.<\/p><p>&#8211; Se han realizado continuamente <b>eventos ben\u00e9ficos<\/b> en Espa\u00f1a para la recaudaci\u00f3n de fondos, destinados a dotar de recursos e instrumentos a los estudiantes hondure\u00f1os.<\/p>\t\t\t\t\t\t\t\t<\/div>\n\t\t\t\t\t<\/div>\n\t\t\t\t<\/div>\n\t\t\t\t\t<\/div>\n\t\t\t\t<\/div>\n\t\t<div class=\"elementor-element elementor-element-be9cee4 e-flex e-con-boxed e-con e-parent\" data-id=\"be9cee4\" data-element_type=\"container\" data-e-type=\"container\">\n\t\t\t\t\t<div class=\"e-con-inner\">\n\t\t\t\t<div class=\"elementor-element elementor-element-342da28 elementor-widget-divider--view-line elementor-widget elementor-widget-divider\" data-id=\"342da28\" data-element_type=\"widget\" data-e-type=\"widget\" data-widget_type=\"divider.default\">\n\t\t\t\t\t\t\t<div class=\"elementor-divider\">\n\t\t\t<span class=\"elementor-divider-separator\">\n\t\t\t\t\t\t<\/span>\n\t\t<\/div>\n\t\t\t\t\t\t<\/div>\n\t\t\t\t\t<\/div>\n\t\t\t\t<\/div>\n\t\t<div class=\"elementor-element elementor-element-850d3fa e-grid e-con-boxed e-con e-parent\" data-id=\"850d3fa\" data-element_type=\"container\" data-e-type=\"container\">\n\t\t\t\t\t<div class=\"e-con-inner\">\n\t\t\t\t<div class=\"elementor-element elementor-element-384686c elementor-widget elementor-widget-text-editor\" data-id=\"384686c\" data-element_type=\"widget\" data-e-type=\"widget\" data-widget_type=\"text-editor.default\">\n\t\t\t\t\t\t\t\t\t<h3><b>Objetivo Principal<\/b><\/h3><p>El proyecto utiliza la m\u00fasica como una poderosa <b>herramienta social<\/b> para:<\/p><p>&#8211; Reducir el \u00edndice de absentismo escolar, delincuencia y embarazo prematuro.<\/p><p>&#8211; Evitar el trabajo infantil.<\/p><p>&#8211; Empoderar a los j\u00f3venes y sus familias.<\/p>\t\t\t\t\t\t\t\t<\/div>\n\t\t\t\t<div class=\"elementor-element elementor-element-ee2c63a elementor-widget elementor-widget-image\" data-id=\"ee2c63a\" data-element_type=\"widget\" data-e-type=\"widget\" data-widget_type=\"image.default\">\n\t\t\t\t\t\t\t\t\t\t\t\t\t\t\t<img alt=\"\" fetchpriority=\"high\" decoding=\"async\" width=\"800\" height=\"601\" src=\"https:\/\/barriosorquestadoshn.org\/wp-content\/uploads\/2025\/11\/OBJETIVO-1024x769.jpg\" class=\"attachment-large size-large wp-image-694\" alt=\"\" srcset=\"https:\/\/barriosorquestadoshn.org\/wp-content\/uploads\/2025\/11\/OBJETIVO-1024x769.jpg 1024w, https:\/\/barriosorquestadoshn.org\/wp-content\/uploads\/2025\/11\/OBJETIVO-300x225.jpg 300w, https:\/\/barriosorquestadoshn.org\/wp-content\/uploads\/2025\/11\/OBJETIVO-768x577.jpg 768w, https:\/\/barriosorquestadoshn.org\/wp-content\/uploads\/2025\/11\/OBJETIVO-1536x1153.jpg 1536w, https:\/\/barriosorquestadoshn.org\/wp-content\/uploads\/2025\/11\/OBJETIVO-2048x1538.jpg 2048w\" sizes=\"(max-width: 800px) 100vw, 800px\" \/>\t\t\t\t\t\t\t\t\t\t\t\t\t\t\t<\/div>\n\t\t\t\t\t<\/div>\n\t\t\t\t<\/div>\n\t\t\t\t<\/div>\n\t\t","protected":false},"excerpt":{"rendered":"<p>Asociaci\u00f3n Socio Cultural Barrios Orquestados Honduras- ASBOH BARRIOS ORQUESTADOS HONDURAS Proyecto que forma orquestas infantiles y coros con educandos y padres de familia en contexto de riesgo social. Nuestra Historia Una Orquesta para el Cambio en Nueva Capital En 2018, el proyecto Barrios Orquestados, una iniciativa social y musical de las Islas Canarias (Espa\u00f1a), lleg\u00f3 [&hellip;]<\/p>\n","protected":false},"author":1,"featured_media":0,"parent":0,"menu_order":0,"comment_status":"closed","ping_status":"closed","template":"elementor_header_footer","meta":{"_seopress_robots_primary_cat":"","_seopress_titles_title":"","_seopress_titles_desc":"","_seopress_robots_index":"","footnotes":""},"class_list":["post-235","page","type-page","status-publish","hentry"],"brizy_media":[],"_links":{"self":[{"href":"https:\/\/barriosorquestadoshn.org\/index.php?rest_route=\/wp\/v2\/pages\/235","targetHints":{"allow":["GET"]}}],"collection":[{"href":"https:\/\/barriosorquestadoshn.org\/index.php?rest_route=\/wp\/v2\/pages"}],"about":[{"href":"https:\/\/barriosorquestadoshn.org\/index.php?rest_route=\/wp\/v2\/types\/page"}],"author":[{"embeddable":true,"href":"https:\/\/barriosorquestadoshn.org\/index.php?rest_route=\/wp\/v2\/users\/1"}],"replies":[{"embeddable":true,"href":"https:\/\/barriosorquestadoshn.org\/index.php?rest_route=%2Fwp%2Fv2%2Fcomments&post=235"}],"version-history":[{"count":5,"href":"https:\/\/barriosorquestadoshn.org\/index.php?rest_route=\/wp\/v2\/pages\/235\/revisions"}],"predecessor-version":[{"id":698,"href":"https:\/\/barriosorquestadoshn.org\/index.php?rest_route=\/wp\/v2\/pages\/235\/revisions\/698"}],"wp:attachment":[{"href":"https:\/\/barriosorquestadoshn.org\/index.php?rest_route=%2Fwp%2Fv2%2Fmedia&parent=235"}],"curies":[{"name":"wp","href":"https:\/\/api.w.org\/{rel}","templated":true}]}}